{"id":158,"date":"2019-05-17T13:49:46","date_gmt":"2019-05-17T13:49:46","guid":{"rendered":"http:\/\/verein-gemeinschaftsschule-reinbek.com\/?page_id=158"},"modified":"2019-06-07T05:08:41","modified_gmt":"2019-06-07T05:08:41","slug":"ehemalige-2","status":"publish","type":"page","link":"https:\/\/verein-gemeinschaftsschule-reinbek.com\/?page_id=158","title":{"rendered":"Alumni"},"content":{"rendered":"\n<p>Viele Sch\u00fcler und Sch\u00fclerinnen m\u00f6chten auch noch sp\u00e4ter im Berufsleben  ihrer Schule verbunden bleiben \u2013 diesem Wunsch kommen wir in K\u00fcrze in dieser Rubrik nach. Den Anfang werden die Abiturjahrg\u00e4nge bilden, die  die Schule in den vergangenen 2 Jahren verlassen haben. (n\u00e4here Informationen werden hier bis September 2019 ver\u00f6ffentlicht)<\/p>\n\n\n\n<h3 class=\"wp-block-heading\">Helfen Sie uns!<\/h3>\n\n\n\n<p>Sie haben vor 2018 Ihren Abschluss auf der Gemeinschaftsschule M\u00fchlenredder absolviert und haben noch Kontakt zu Ihren ehemaligen Mitsch\u00fclern? Dann schreiben Sie uns mit der Angabe des Jahrgangs an, damit wir ihn ebenfalls ber\u00fccksichtigen k\u00f6nnen. <a href=\"http:\/\/verein-gemeinschaftsschule-reinbek.com\/?page_id=55http:\/\/verein-gemeinschaftsschule-reinbek.com\/?page_id=55\">Kontakt<\/a><\/p>\n","protected":false},"excerpt":{"rendered":"<p>Viele Sch\u00fcler und Sch\u00fclerinnen m\u00f6chten auch noch sp\u00e4ter im Berufsleben ihrer Schule verbunden bleiben \u2013 diesem Wunsch kommen wir in K\u00fcrze in dieser Rubrik nach. Den Anfang werden die Abiturjahrg\u00e4nge bilden, die die Schule in den vergangenen 2 Jahren verlassen haben. (n\u00e4here Informationen werden hier bis September 2019 ver\u00f6ffentlicht) Helfen Sie uns! Sie haben vor &hellip; <\/p>\n<p class=\"link-more\"><a href=\"https:\/\/verein-gemeinschaftsschule-reinbek.com\/?page_id=158\" class=\"more-link\"><span class=\"screen-reader-text\">\u201eAlumni\u201c <\/span>weiterlesen<\/a><\/p>\n","protected":false},"author":1,"featured_media":0,"parent":0,"menu_order":0,"comment_status":"closed","ping_status":"closed","template":"","meta":{"footnotes":""},"class_list":["post-158","page","type-page","status-publish","hentry"],"yoast_head":"<!-- This site is optimized with the Yoast SEO plugin v27.4 - https:\/\/yoast.com\/product\/yoast-seo-wordpress\/ -->\n<title>Alumni - &quot;Bildung in Reinbek f\u00f6rdern - hier geht&#039;s ganz einfach&quot;<\/title>\n<meta name=\"robots\" content=\"index, follow, max-snippet:-1, max-image-preview:large, max-video-preview:-1\" \/>\n<link rel=\"canonical\" href=\"https:\/\/verein-gemeinschaftsschule-reinbek.com\/?page_id=158\" \/>\n<meta property=\"og:locale\" content=\"de_DE\" \/>\n<meta property=\"og:type\" content=\"article\" \/>\n<meta property=\"og:title\" content=\"Alumni - &quot;Bildung in Reinbek f\u00f6rdern - hier geht&#039;s ganz einfach&quot;\" \/>\n<meta property=\"og:description\" content=\"Viele Sch\u00fcler und Sch\u00fclerinnen m\u00f6chten auch noch sp\u00e4ter im Berufsleben ihrer Schule verbunden bleiben \u2013 diesem Wunsch kommen wir in K\u00fcrze in dieser Rubrik nach. Den Anfang werden die Abiturjahrg\u00e4nge bilden, die die Schule in den vergangenen 2 Jahren verlassen haben. (n\u00e4here Informationen werden hier bis September 2019 ver\u00f6ffentlicht) Helfen Sie uns! Sie haben vor &hellip; \u201eAlumni\u201c weiterlesen\" \/>\n<meta property=\"og:url\" content=\"https:\/\/verein-gemeinschaftsschule-reinbek.com\/?page_id=158\" \/>\n<meta property=\"og:site_name\" content=\"&quot;Bildung in Reinbek f\u00f6rdern - hier geht&#039;s ganz einfach&quot;\" \/>\n<meta property=\"article:publisher\" content=\"https:\/\/www.facebook.com\/Verein-der-Gemeinschaftsschule-M%c3%bchlenredder-Reinbek-eV-500669043806388\/notifications\/\" \/>\n<meta property=\"article:modified_time\" content=\"2019-06-07T05:08:41+00:00\" \/>\n<meta name=\"twitter:card\" content=\"summary_large_image\" \/>\n<script type=\"application\/ld+json\" class=\"yoast-schema-graph\">{\"@context\":\"https:\\\/\\\/schema.org\",\"@graph\":[{\"@type\":\"WebPage\",\"@id\":\"https:\\\/\\\/verein-gemeinschaftsschule-reinbek.com\\\/?page_id=158\",\"url\":\"https:\\\/\\\/verein-gemeinschaftsschule-reinbek.com\\\/?page_id=158\",\"name\":\"Alumni - &quot;Bildung in Reinbek f\u00f6rdern - hier geht&#039;s ganz einfach&quot;\",\"isPartOf\":{\"@id\":\"http:\\\/\\\/verein-gemeinschaftsschule-reinbek.com\\\/#website\"},\"datePublished\":\"2019-05-17T13:49:46+00:00\",\"dateModified\":\"2019-06-07T05:08:41+00:00\",\"breadcrumb\":{\"@id\":\"https:\\\/\\\/verein-gemeinschaftsschule-reinbek.com\\\/?page_id=158#breadcrumb\"},\"inLanguage\":\"de\",\"potentialAction\":[{\"@type\":\"ReadAction\",\"target\":[\"https:\\\/\\\/verein-gemeinschaftsschule-reinbek.com\\\/?page_id=158\"]}]},{\"@type\":\"BreadcrumbList\",\"@id\":\"https:\\\/\\\/verein-gemeinschaftsschule-reinbek.com\\\/?page_id=158#breadcrumb\",\"itemListElement\":[{\"@type\":\"ListItem\",\"position\":1,\"name\":\"Startseite\",\"item\":\"http:\\\/\\\/verein-gemeinschaftsschule-reinbek.com\\\/\"},{\"@type\":\"ListItem\",\"position\":2,\"name\":\"Alumni\"}]},{\"@type\":\"WebSite\",\"@id\":\"http:\\\/\\\/verein-gemeinschaftsschule-reinbek.com\\\/#website\",\"url\":\"http:\\\/\\\/verein-gemeinschaftsschule-reinbek.com\\\/\",\"name\":\"http:\\\/\\\/verein-gemeinschaftsschule-reinbek.com\\\/\",\"description\":\"Freunde und F\u00f6rderer der Gemeinschaftsschule mit Oberstufe im Schulzentrum M\u00fchlenredder e. V.\",\"publisher\":{\"@id\":\"http:\\\/\\\/verein-gemeinschaftsschule-reinbek.com\\\/#organization\"},\"potentialAction\":[{\"@type\":\"SearchAction\",\"target\":{\"@type\":\"EntryPoint\",\"urlTemplate\":\"http:\\\/\\\/verein-gemeinschaftsschule-reinbek.com\\\/?s={search_term_string}\"},\"query-input\":{\"@type\":\"PropertyValueSpecification\",\"valueRequired\":true,\"valueName\":\"search_term_string\"}}],\"inLanguage\":\"de\"},{\"@type\":\"Organization\",\"@id\":\"http:\\\/\\\/verein-gemeinschaftsschule-reinbek.com\\\/#organization\",\"name\":\"Verein Gemeinschaftsschule M\u00fchlenredder Reinbek\",\"url\":\"http:\\\/\\\/verein-gemeinschaftsschule-reinbek.com\\\/\",\"logo\":{\"@type\":\"ImageObject\",\"inLanguage\":\"de\",\"@id\":\"http:\\\/\\\/verein-gemeinschaftsschule-reinbek.com\\\/#\\\/schema\\\/logo\\\/image\\\/\",\"url\":\"https:\\\/\\\/verein-gemeinschaftsschule-reinbek.com\\\/wp-content\\\/uploads\\\/2019\\\/05\\\/cropped-Logoweiss-GEM-SCHULE.png\",\"contentUrl\":\"https:\\\/\\\/verein-gemeinschaftsschule-reinbek.com\\\/wp-content\\\/uploads\\\/2019\\\/05\\\/cropped-Logoweiss-GEM-SCHULE.png\",\"width\":250,\"height\":250,\"caption\":\"Verein Gemeinschaftsschule M\u00fchlenredder Reinbek\"},\"image\":{\"@id\":\"http:\\\/\\\/verein-gemeinschaftsschule-reinbek.com\\\/#\\\/schema\\\/logo\\\/image\\\/\"},\"sameAs\":[\"https:\\\/\\\/www.facebook.com\\\/Verein-der-Gemeinschaftsschule-M\u00fchlenredder-Reinbek-eV-500669043806388\\\/notifications\\\/\"]}]}<\/script>\n<!-- \/ Yoast SEO plugin. -->","yoast_head_json":{"title":"Alumni - &quot;Bildung in Reinbek f\u00f6rdern - hier geht&#039;s ganz einfach&quot;","robots":{"index":"index","follow":"follow","max-snippet":"max-snippet:-1","max-image-preview":"max-image-preview:large","max-video-preview":"max-video-preview:-1"},"canonical":"https:\/\/verein-gemeinschaftsschule-reinbek.com\/?page_id=158","og_locale":"de_DE","og_type":"article","og_title":"Alumni - &quot;Bildung in Reinbek f\u00f6rdern - hier geht&#039;s ganz einfach&quot;","og_description":"Viele Sch\u00fcler und Sch\u00fclerinnen m\u00f6chten auch noch sp\u00e4ter im Berufsleben ihrer Schule verbunden bleiben \u2013 diesem Wunsch kommen wir in K\u00fcrze in dieser Rubrik nach. Den Anfang werden die Abiturjahrg\u00e4nge bilden, die die Schule in den vergangenen 2 Jahren verlassen haben. (n\u00e4here Informationen werden hier bis September 2019 ver\u00f6ffentlicht) Helfen Sie uns! Sie haben vor &hellip; \u201eAlumni\u201c weiterlesen","og_url":"https:\/\/verein-gemeinschaftsschule-reinbek.com\/?page_id=158","og_site_name":"&quot;Bildung in Reinbek f\u00f6rdern - hier geht&#039;s ganz einfach&quot;","article_publisher":"https:\/\/www.facebook.com\/Verein-der-Gemeinschaftsschule-M%c3%bchlenredder-Reinbek-eV-500669043806388\/notifications\/","article_modified_time":"2019-06-07T05:08:41+00:00","twitter_card":"summary_large_image","schema":{"@context":"https:\/\/schema.org","@graph":[{"@type":"WebPage","@id":"https:\/\/verein-gemeinschaftsschule-reinbek.com\/?page_id=158","url":"https:\/\/verein-gemeinschaftsschule-reinbek.com\/?page_id=158","name":"Alumni - &quot;Bildung in Reinbek f\u00f6rdern - hier geht&#039;s ganz einfach&quot;","isPartOf":{"@id":"http:\/\/verein-gemeinschaftsschule-reinbek.com\/#website"},"datePublished":"2019-05-17T13:49:46+00:00","dateModified":"2019-06-07T05:08:41+00:00","breadcrumb":{"@id":"https:\/\/verein-gemeinschaftsschule-reinbek.com\/?page_id=158#breadcrumb"},"inLanguage":"de","potentialAction":[{"@type":"ReadAction","target":["https:\/\/verein-gemeinschaftsschule-reinbek.com\/?page_id=158"]}]},{"@type":"BreadcrumbList","@id":"https:\/\/verein-gemeinschaftsschule-reinbek.com\/?page_id=158#breadcrumb","itemListElement":[{"@type":"ListItem","position":1,"name":"Startseite","item":"http:\/\/verein-gemeinschaftsschule-reinbek.com\/"},{"@type":"ListItem","position":2,"name":"Alumni"}]},{"@type":"WebSite","@id":"http:\/\/verein-gemeinschaftsschule-reinbek.com\/#website","url":"http:\/\/verein-gemeinschaftsschule-reinbek.com\/","name":"http:\/\/verein-gemeinschaftsschule-reinbek.com\/","description":"Freunde und F\u00f6rderer der Gemeinschaftsschule mit Oberstufe im Schulzentrum M\u00fchlenredder e. V.","publisher":{"@id":"http:\/\/verein-gemeinschaftsschule-reinbek.com\/#organization"},"potentialAction":[{"@type":"SearchAction","target":{"@type":"EntryPoint","urlTemplate":"http:\/\/verein-gemeinschaftsschule-reinbek.com\/?s={search_term_string}"},"query-input":{"@type":"PropertyValueSpecification","valueRequired":true,"valueName":"search_term_string"}}],"inLanguage":"de"},{"@type":"Organization","@id":"http:\/\/verein-gemeinschaftsschule-reinbek.com\/#organization","name":"Verein Gemeinschaftsschule M\u00fchlenredder Reinbek","url":"http:\/\/verein-gemeinschaftsschule-reinbek.com\/","logo":{"@type":"ImageObject","inLanguage":"de","@id":"http:\/\/verein-gemeinschaftsschule-reinbek.com\/#\/schema\/logo\/image\/","url":"https:\/\/verein-gemeinschaftsschule-reinbek.com\/wp-content\/uploads\/2019\/05\/cropped-Logoweiss-GEM-SCHULE.png","contentUrl":"https:\/\/verein-gemeinschaftsschule-reinbek.com\/wp-content\/uploads\/2019\/05\/cropped-Logoweiss-GEM-SCHULE.png","width":250,"height":250,"caption":"Verein Gemeinschaftsschule M\u00fchlenredder Reinbek"},"image":{"@id":"http:\/\/verein-gemeinschaftsschule-reinbek.com\/#\/schema\/logo\/image\/"},"sameAs":["https:\/\/www.facebook.com\/Verein-der-Gemeinschaftsschule-M\u00fchlenredder-Reinbek-eV-500669043806388\/notifications\/"]}]}},"_links":{"self":[{"href":"https:\/\/verein-gemeinschaftsschule-reinbek.com\/index.php?rest_route=\/wp\/v2\/pages\/158","targetHints":{"allow":["GET"]}}],"collection":[{"href":"https:\/\/verein-gemeinschaftsschule-reinbek.com\/index.php?rest_route=\/wp\/v2\/pages"}],"about":[{"href":"https:\/\/verein-gemeinschaftsschule-reinbek.com\/index.php?rest_route=\/wp\/v2\/types\/page"}],"author":[{"embeddable":true,"href":"https:\/\/verein-gemeinschaftsschule-reinbek.com\/index.php?rest_route=\/wp\/v2\/users\/1"}],"replies":[{"embeddable":true,"href":"https:\/\/verein-gemeinschaftsschule-reinbek.com\/index.php?rest_route=%2Fwp%2Fv2%2Fcomments&post=158"}],"version-history":[{"count":6,"href":"https:\/\/verein-gemeinschaftsschule-reinbek.com\/index.php?rest_route=\/wp\/v2\/pages\/158\/revisions"}],"predecessor-version":[{"id":248,"href":"https:\/\/verein-gemeinschaftsschule-reinbek.com\/index.php?rest_route=\/wp\/v2\/pages\/158\/revisions\/248"}],"wp:attachment":[{"href":"https:\/\/verein-gemeinschaftsschule-reinbek.com\/index.php?rest_route=%2Fwp%2Fv2%2Fmedia&parent=158"}],"curies":[{"name":"wp","href":"https:\/\/api.w.org\/{rel}","templated":true}]}}